{"id":1314,"date":"2021-06-22T13:56:58","date_gmt":"2021-06-22T11:56:58","guid":{"rendered":"http:\/\/s659316339.online.de\/praxis-wardak\/?page_id=1314"},"modified":"2021-06-22T14:59:36","modified_gmt":"2021-06-22T12:59:36","slug":"impressum","status":"publish","type":"page","link":"http:\/\/s659316339.online.de\/praxis-wardak\/impressum\/","title":{"rendered":"Impressum"},"content":{"rendered":"\t\t<div data-elementor-type=\"wp-page\" data-elementor-id=\"1314\" class=\"elementor elementor-1314\" data-elementor-settings=\"[]\">\n\t\t\t\t\t\t\t<div class=\"elementor-section-wrap\">\n\t\t\t\t\t\t\t<section class=\"elementor-section elementor-top-section elementor-element elementor-element-4b1e87f1 elementor-section-boxed elementor-section-height-default elementor-section-height-default parallax_section_no qode_elementor_container_no\" data-id=\"4b1e87f1\" data-element_type=\"section\" data-settings=\"{&quot;background_background&quot;:&quot;classic&quot;}\">\n\t\t\t\t\t\t\t<div class=\"elementor-background-overlay\"><\/div>\n\t\t\t\t\t\t\t<div class=\"elementor-container elementor-column-gap-default\">\n\t\t\t\t\t<div class=\"elementor-column elementor-col-100 elementor-top-column elementor-element elementor-element-5ad344ad\" data-id=\"5ad344ad\" data-element_type=\"column\" data-settings=\"{&quot;background_background&quot;:&quot;classic&quot;}\">\n\t\t\t<div class=\"elementor-widget-wrap elementor-element-populated\">\n\t\t\t\t\t\t\t\t<div class=\"elementor-element elementor-element-4b38c40 elementor-widget elementor-widget-heading\" data-id=\"4b38c40\" data-element_type=\"widget\" data-widget_type=\"heading.default\">\n\t\t\t\t<div class=\"elementor-widget-container\">\n\t\t\t<h2 class=\"elementor-heading-title elementor-size-default\">Impressum<\/h2>\t\t<\/div>\n\t\t\t\t<\/div>\n\t\t\t\t<div class=\"elementor-element elementor-element-78b6c795 elementor-widget-divider--view-line elementor-widget elementor-widget-divider\" data-id=\"78b6c795\" data-element_type=\"widget\" data-widget_type=\"divider.default\">\n\t\t\t\t<div class=\"elementor-widget-container\">\n\t\t\t\t\t<div class=\"elementor-divider\">\n\t\t\t<span class=\"elementor-divider-separator\">\n\t\t\t\t\t\t<\/span>\n\t\t<\/div>\n\t\t\t\t<\/div>\n\t\t\t\t<\/div>\n\t\t\t\t<section class=\"elementor-section elementor-inner-section elementor-element elementor-element-7bb9b92 elementor-section-boxed elementor-section-height-default elementor-section-height-default parallax_section_no qode_elementor_container_no\" data-id=\"7bb9b92\" data-element_type=\"section\" data-settings=\"{&quot;background_background&quot;:&quot;classic&quot;}\">\n\t\t\t\t\t\t<div class=\"elementor-container elementor-column-gap-default\">\n\t\t\t\t\t<div class=\"elementor-column elementor-col-100 elementor-inner-column elementor-element elementor-element-73cdcbd\" data-id=\"73cdcbd\" data-element_type=\"column\" data-settings=\"{&quot;background_background&quot;:&quot;classic&quot;}\">\n\t\t\t<div class=\"elementor-widget-wrap elementor-element-populated\">\n\t\t\t\t\t\t\t\t<div class=\"elementor-element elementor-element-5cfeb82 elementor-widget elementor-widget-heading\" data-id=\"5cfeb82\" data-element_type=\"widget\" data-widget_type=\"heading.default\">\n\t\t\t\t<div class=\"elementor-widget-container\">\n\t\t\t<h2 class=\"elementor-heading-title elementor-size-default\">Impressum \u2013 Pflichtangaben gem\u00e4\u00df Teledienstgesetz<\/h2>\t\t<\/div>\n\t\t\t\t<\/div>\n\t\t\t\t\t<\/div>\n\t\t<\/div>\n\t\t\t\t\t\t\t<\/div>\n\t\t<\/section>\n\t\t\t\t<div class=\"elementor-element elementor-element-8afbc81 elementor-widget elementor-widget-text-editor\" data-id=\"8afbc81\" data-element_type=\"widget\" data-widget_type=\"text-editor.default\">\n\t\t\t\t<div class=\"elementor-widget-container\">\n\t\t\t\t\t\t\t\t<h2>Anschrift:<\/h2><p>\u00a0<\/p><p>Dr. med. Nasim Wardak,<\/p><p>Facharzt f\u00fcr Chirurgie mit dem Schwerpunkt Unfallchirurgie (D-Arzt)<\/p><p>Facharzt f\u00fcr Orthop\u00e4die und Unfallchirurgie<\/p><p>\u00a0<\/p><p>Kaiser Str. 39<br \/>63065 Offenbach am Main<\/p><p>\u00a0<\/p><p>Orthop\u00e4dische und chirurgische Praxis<br \/>Gelenkerkrankungen und Erkrankungen der Wirbels\u00e4ule,<br \/>Unfallbehandlung (Arbeits- und Wegeunf\u00e4lle)<\/p><p>\u00a0<\/p><p>Telefon: (0 69) 85 00 37 37<br \/>Telefax: (0 69) 85 00 37 47<\/p><p>\u00a0<\/p><h2>Inhaltlich Verantwortlicher gem\u00e4\u00df 10 Absatz 3 MDStV:<\/h2><p>\u00a0<\/p><p>Dr. med. Nasim Wardak (Anschrift wie oben)<\/p><p>\u00a0<\/p><h3>Gesetzliche Berufsbezeichnung von Dr.med. Nasim Wardak:<\/h3><p>\u00a0<\/p><p>Facharzt f\u00fcr Chirurgie<br \/>Verliehen von der Landes\u00e4rztekammer Hessen<br \/>Bundesrepublik Deutschland<\/p><p>\u00a0<\/p><p>Facharzt f\u00fcr Chirurgie mit dem Schwerpunkt Unfallchirurgie<br \/>Verliehen von der Landes\u00e4rztekammer Hessen<br \/>Bundesrepublik Deutschland<\/p><p>\u00a0<\/p><h3>Facharzt f\u00fcr Orthop\u00e4die und Unfallchirurgie<\/h3><p>\u00a0<\/p><p>Verliehen von der Landes\u00e4rztekammer Hessen<br \/>Bundesrepublik Deutschland<\/p><p>\u00a0<\/p><h2>Zust\u00e4ndige Aufsichtsbeh\u00f6rde\/\u00c4rztekammer:<\/h2><p>\u00a0<\/p><p>Landes\u00e4rztekammer Hessen<\/p><p><br \/>Im Vogelsgesang 3<br \/>60488 Frankfurt\/Main<\/p><p>\u00a0<\/p><p>Postfach 90 06 69,<br \/>60446 Frankfurt\/Main<\/p><p>\u00a0<\/p><p>Telefon: (0 69) 9 76 72-0<br \/>Fax: (0 69) 9 76 72-1 28<\/p><p>\u00a0<\/p><p>Weitere Informationen zur Kammer finden Sie auf der offiziellen Seit der L\u00c4K Hessen.<\/p><p>\u00a0<\/p><p>Angaben zur f\u00fcr Dr. med. Nasim Wardak geltenden Berufsordnung, sowie weitere gesetzliche Bestimmungen bez\u00fcglich des \u00e4rztlichen Verhaltens erhalten Sie ebenfalls auf der offiziellen Seit der L\u00c4K Hessen<\/p><p>\u00a0<\/p><h3>Mitgliedschaften:<\/h3><p>\u00a0<\/p><p>Berufsverband der Deutschen Chirurgen e.V. (BDC)<\/p><p>\u00a0<\/p><h2>Copyright<\/h2><p>\u00a0<\/p><p>Die Inhalte dieser Internetseite sind urheberrechtlich gesch\u00fctzt.<br \/>Jede Vervielf\u00e4ltigung, Vorf\u00fchrung, Vermietung oder Versendung der Internetseite oder einzelner Inhalte ist ohne Einwilligung des Rechteinhabers untersagt. Alle Rechte bleiben vorbehalten.<\/p><p>\u00a0<\/p><h2>Haftungsausschluss:<\/h2><p>\u00a0<\/p><p>Der Autor (Dr.med. Nasim Wardak) \u00fcbernimmt keinerlei Gew\u00e4hr f\u00fcr die Aktualit\u00e4t, Korrektheit, Vollst\u00e4ndigkeit oder Qualit\u00e4t der zur Verf\u00fcgung gestellten Informationen. Haftungsanspr\u00fcche gegen den Autor, welche sich auf Sch\u00e4den materieller oder ideeller Art beziehen, aufgrund der Nutzung der angebotenen Informationen, sind grunds\u00e4tzlich ausgeschlossen, falls von Seiten des Autors kein nachweislich vors\u00e4tzliches oder grob fahrl\u00e4ssiges Verschulden vorliegt. Der Autor beh\u00e4lt es sich ausdr\u00fccklich vor, Teile der Seiten oder das gesamte Angebot ohne gesonderte Ank\u00fcndigung zu ver\u00e4ndern, zu l\u00f6schen oder die Ver\u00f6ffentlichung zeitweise oder endg\u00fcltig einzustellen.<\/p><p>\u00a0<\/p><p>Verweise auf fremde Internetseiten (Links) erfolgen ausschlie\u00dflich als zus\u00e4tzlicher Service f\u00fcr die Nutzer. F\u00fcr dort enthaltene Inhalte ist Dr. med. Nasim Wardak nicht verantwortlich und macht sich die dortigen Inhalte auch nicht zu eigen.<\/p><p>\u00a0<\/p><h5>Bitte beachten Sie daher:<\/h5><h5><br \/>Die Inhalte dieser Seite besitzen rein informativen Charakter.<br \/>Sie ersetzen keinesfalls ein pers\u00f6nliches Beratungsgespr\u00e4ch.<\/h5>\t\t\t\t\t\t<\/div>\n\t\t\t\t<\/div>\n\t\t\t\t\t<\/div>\n\t\t<\/div>\n\t\t\t\t\t\t\t<\/div>\n\t\t<\/section>\n\t\t\t\t<section class=\"elementor-section elementor-top-section elementor-element elementor-element-158ce76 elementor-section-boxed elementor-section-height-default elementor-section-height-default parallax_section_no qode_elementor_container_no\" data-id=\"158ce76\" data-element_type=\"section\" data-settings=\"{&quot;background_background&quot;:&quot;classic&quot;}\">\n\t\t\t\t\t\t\t<div class=\"elementor-background-overlay\"><\/div>\n\t\t\t\t\t\t\t<div class=\"elementor-container elementor-column-gap-default\">\n\t\t\t\t\t<div class=\"elementor-column elementor-col-100 elementor-top-column elementor-element elementor-element-7cc80eb\" data-id=\"7cc80eb\" data-element_type=\"column\" data-settings=\"{&quot;background_background&quot;:&quot;classic&quot;}\">\n\t\t\t<div class=\"elementor-widget-wrap elementor-element-populated\">\n\t\t\t\t\t\t\t\t<section class=\"elementor-section elementor-inner-section elementor-element elementor-element-57cce1a1 elementor-section-boxed elementor-section-height-default elementor-section-height-default parallax_section_no qode_elementor_container_no\" data-id=\"57cce1a1\" data-element_type=\"section\">\n\t\t\t\t\t\t<div class=\"elementor-container elementor-column-gap-default\">\n\t\t\t\t\t<div class=\"elementor-column elementor-col-50 elementor-inner-column elementor-element elementor-element-eddd6fc\" data-id=\"eddd6fc\" data-element_type=\"column\">\n\t\t\t<div class=\"elementor-widget-wrap elementor-element-populated\">\n\t\t\t\t\t\t\t\t<div class=\"elementor-element elementor-element-6ec7975 elementor-widget elementor-widget-image\" data-id=\"6ec7975\" data-element_type=\"widget\" data-widget_type=\"image.default\">\n\t\t\t\t<div class=\"elementor-widget-container\">\n\t\t\t\t\t\t\t\t\t\t\t\t\t\t\t<img width=\"400\" height=\"306\" src=\"http:\/\/s659316339.online.de\/praxis-wardak\/wp-content\/uploads\/2021\/06\/Logo_Mainwebsite.png\" class=\"attachment-large size-large\" alt=\"\" loading=\"lazy\" srcset=\"http:\/\/s659316339.online.de\/praxis-wardak\/wp-content\/uploads\/2021\/06\/Logo_Mainwebsite.png 400w, http:\/\/s659316339.online.de\/praxis-wardak\/wp-content\/uploads\/2021\/06\/Logo_Mainwebsite-300x230.png 300w\" sizes=\"(max-width: 400px) 100vw, 400px\" \/>\t\t\t\t\t\t\t\t\t\t\t\t\t\t\t<\/div>\n\t\t\t\t<\/div>\n\t\t\t\t\t<\/div>\n\t\t<\/div>\n\t\t\t\t<div class=\"elementor-column elementor-col-50 elementor-inner-column elementor-element elementor-element-6a594c60\" data-id=\"6a594c60\" data-element_type=\"column\">\n\t\t\t<div class=\"elementor-widget-wrap elementor-element-populated\">\n\t\t\t\t\t\t\t\t<div class=\"elementor-element elementor-element-5c32f48f elementor-widget elementor-widget-text-editor\" data-id=\"5c32f48f\" data-element_type=\"widget\" data-widget_type=\"text-editor.default\">\n\t\t\t\t<div class=\"elementor-widget-container\">\n\t\t\t\t\t\t\t\t<h1>Professionelle Webseiten<br \/>MainWebsite<\/h1>\t\t\t\t\t\t<\/div>\n\t\t\t\t<\/div>\n\t\t\t\t<div class=\"elementor-element elementor-element-446c2489 elementor-widget elementor-widget-text-editor\" data-id=\"446c2489\" data-element_type=\"widget\" data-widget_type=\"text-editor.default\">\n\t\t\t\t<div class=\"elementor-widget-container\">\n\t\t\t\t\t\t\t\t<h2>Esra Yaren<\/h2>\t\t\t\t\t\t<\/div>\n\t\t\t\t<\/div>\n\t\t\t\t<div class=\"elementor-element elementor-element-63e94ce5 elementor-position-left elementor-vertical-align-middle elementor-view-default elementor-widget elementor-widget-icon-box\" data-id=\"63e94ce5\" data-element_type=\"widget\" data-widget_type=\"icon-box.default\">\n\t\t\t\t<div class=\"elementor-widget-container\">\n\t\t\t\t\t<div class=\"elementor-icon-box-wrapper\">\n\t\t\t\t\t\t<div class=\"elementor-icon-box-icon\">\n\t\t\t\t<a class=\"elementor-icon elementor-animation-\" href=\"tel:+4915121261142\">\n\t\t\t\t<i aria-hidden=\"true\" class=\"fas fa-phone-alt\"><\/i>\t\t\t\t<\/a>\n\t\t\t<\/div>\n\t\t\t\t\t\t<div class=\"elementor-icon-box-content\">\n\t\t\t\t<h3 class=\"elementor-icon-box-title\">\n\t\t\t\t\t<a href=\"tel:+4915121261142\">+49 151 212 611 42<\/a>\n\t\t\t\t<\/h3>\n\t\t\t\t\t\t\t<\/div>\n\t\t<\/div>\n\t\t\t\t<\/div>\n\t\t\t\t<\/div>\n\t\t\t\t<div class=\"elementor-element elementor-element-7c743f34 elementor-position-left elementor-vertical-align-middle elementor-view-default elementor-widget elementor-widget-icon-box\" data-id=\"7c743f34\" data-element_type=\"widget\" data-widget_type=\"icon-box.default\">\n\t\t\t\t<div class=\"elementor-widget-container\">\n\t\t\t\t\t<div class=\"elementor-icon-box-wrapper\">\n\t\t\t\t\t\t<div class=\"elementor-icon-box-icon\">\n\t\t\t\t<a class=\"elementor-icon elementor-animation-\" href=\"\">\n\t\t\t\t<i aria-hidden=\"true\" class=\"fas fa-envelope\"><\/i>\t\t\t\t<\/a>\n\t\t\t<\/div>\n\t\t\t\t\t\t<div class=\"elementor-icon-box-content\">\n\t\t\t\t<h3 class=\"elementor-icon-box-title\">\n\t\t\t\t\t<a href=\"\">info@mainwebsite.de<\/a>\n\t\t\t\t<\/h3>\n\t\t\t\t\t\t\t<\/div>\n\t\t<\/div>\n\t\t\t\t<\/div>\n\t\t\t\t<\/div>\n\t\t\t\t<div class=\"elementor-element elementor-element-429abbd2 elementor-position-left elementor-vertical-align-middle elementor-view-default elementor-widget elementor-widget-icon-box\" data-id=\"429abbd2\" data-element_type=\"widget\" data-widget_type=\"icon-box.default\">\n\t\t\t\t<div class=\"elementor-widget-container\">\n\t\t\t\t\t<div class=\"elementor-icon-box-wrapper\">\n\t\t\t\t\t\t<div class=\"elementor-icon-box-icon\">\n\t\t\t\t<a class=\"elementor-icon elementor-animation-\" href=\"https:\/\/mainwebsite.de\/\">\n\t\t\t\t<i aria-hidden=\"true\" class=\"fas fa-desktop\"><\/i>\t\t\t\t<\/a>\n\t\t\t<\/div>\n\t\t\t\t\t\t<div class=\"elementor-icon-box-content\">\n\t\t\t\t<h3 class=\"elementor-icon-box-title\">\n\t\t\t\t\t<a href=\"https:\/\/mainwebsite.de\/\">mainwebsite.de<\/a>\n\t\t\t\t<\/h3>\n\t\t\t\t\t\t\t<\/div>\n\t\t<\/div>\n\t\t\t\t<\/div>\n\t\t\t\t<\/div>\n\t\t\t\t\t<\/div>\n\t\t<\/div>\n\t\t\t\t\t\t\t<\/div>\n\t\t<\/section>\n\t\t\t\t\t<\/div>\n\t\t<\/div>\n\t\t\t\t\t\t\t<\/div>\n\t\t<\/section>\n\t\t\t\t\t\t<\/div>\n\t\t\t\t\t<\/div>\n\t\t","protected":false},"excerpt":{"rendered":"<p>Impressum Impressum \u2013 Pflichtangaben gem\u00e4\u00df Teledienstgesetz Anschrift: \u00a0 Dr. med. Nasim Wardak, Facharzt f\u00fcr Chirurgie mit dem Schwerpunkt Unfallchirurgie (D-Arzt) Facharzt f\u00fcr Orthop\u00e4die und Unfallchirurgie \u00a0 Kaiser Str. 3963065 Offenbach am Main \u00a0 Orthop\u00e4dische und chirurgische PraxisGelenkerkrankungen und Erkrankungen der Wirbels\u00e4ule,Unfallbehandlung (Arbeits- und Wegeunf\u00e4lle) \u00a0&#8230;<\/p>\n","protected":false},"author":1,"featured_media":0,"parent":0,"menu_order":0,"comment_status":"closed","ping_status":"closed","template":"","meta":[],"_links":{"self":[{"href":"http:\/\/s659316339.online.de\/praxis-wardak\/wp-json\/wp\/v2\/pages\/1314"}],"collection":[{"href":"http:\/\/s659316339.online.de\/praxis-wardak\/wp-json\/wp\/v2\/pages"}],"about":[{"href":"http:\/\/s659316339.online.de\/praxis-wardak\/wp-json\/wp\/v2\/types\/page"}],"author":[{"embeddable":true,"href":"http:\/\/s659316339.online.de\/praxis-wardak\/wp-json\/wp\/v2\/users\/1"}],"replies":[{"embeddable":true,"href":"http:\/\/s659316339.online.de\/praxis-wardak\/wp-json\/wp\/v2\/comments?post=1314"}],"version-history":[{"count":28,"href":"http:\/\/s659316339.online.de\/praxis-wardak\/wp-json\/wp\/v2\/pages\/1314\/revisions"}],"predecessor-version":[{"id":1346,"href":"http:\/\/s659316339.online.de\/praxis-wardak\/wp-json\/wp\/v2\/pages\/1314\/revisions\/1346"}],"wp:attachment":[{"href":"http:\/\/s659316339.online.de\/praxis-wardak\/wp-json\/wp\/v2\/media?parent=1314"}],"curies":[{"name":"wp","href":"https:\/\/api.w.org\/{rel}","templated":true}]}}